{"id":914,"date":"2024-09-16T11:50:01","date_gmt":"2024-09-16T09:50:01","guid":{"rendered":"https:\/\/csanamlux.be\/?page_id=914"},"modified":"2024-09-23T11:40:12","modified_gmt":"2024-09-23T09:40:12","slug":"journee-leadership-transfert","status":"publish","type":"page","link":"https:\/\/csanamlux.be\/index.php\/journee-leadership-transfert\/","title":{"rendered":"Journ\u00e9e\u202f: \u00ab\u00a0Leadership &#038; transfert\u00a0\u00bb"},"content":{"rendered":"\t\t<div data-elementor-type=\"wp-page\" data-elementor-id=\"914\" class=\"elementor elementor-914\">\n\t\t\t\t<div class=\"elementor-element elementor-element-d25217b e-flex e-con-boxed e-con e-parent\" data-id=\"d25217b\" data-element_type=\"container\">\n\t\t\t\t\t<div class=\"e-con-inner\">\n\t\t\t\t<div class=\"elementor-element elementor-element-d5a1947 elementor-align-center elementor-widget elementor-widget-button\" data-id=\"d5a1947\" data-element_type=\"widget\" data-widget_type=\"button.default\">\n\t\t\t\t<div class=\"elementor-widget-container\">\n\t\t\t\t\t\t\t\t\t<div class=\"elementor-button-wrapper\">\n\t\t\t\t\t<a class=\"elementor-button elementor-button-link elementor-size-sm\" href=\"https:\/\/forms.office.com\/Pages\/ResponsePage.aspx?id=aKMx8CQ0iUWkqbSyzIWbv8u6zcg7x5hElfc_n0M4601UNDFaMEY5V0pFN1I5OU5XQjcwTFhYVjVYQi4u\" target=\"_blank\" rel=\"nofollow\">\n\t\t\t\t\t\t<span class=\"elementor-button-content-wrapper\">\n\t\t\t\t\t\t\t\t\t<span class=\"elementor-button-text\">Inscriptions ICI<\/span>\n\t\t\t\t\t<\/span>\n\t\t\t\t\t<\/a>\n\t\t\t\t<\/div>\n\t\t\t\t\t\t\t\t<\/div>\n\t\t\t\t<\/div>\n\t\t\t\t\t<\/div>\n\t\t\t\t<\/div>\n\t\t<div class=\"elementor-element elementor-element-8328145 e-con-full e-flex e-con e-parent\" data-id=\"8328145\" data-element_type=\"container\">\n\t\t\t\t<div class=\"elementor-element elementor-element-172a359 elementor-widget elementor-widget-text-editor\" data-id=\"172a359\" data-element_type=\"widget\" data-widget_type=\"text-editor.default\">\n\t\t\t\t<div class=\"elementor-widget-container\">\n\t\t\t\t\t\t\t\t\t<h3><strong><span style=\"text-decoration: underline;\">Objectifs g\u00e9n\u00e9riques<\/span>\u202f<\/strong><\/h3><ul><li><h4>\u00c9changer sur ma pratique de directeur en lien avec l\u2019accompagnement\u202f<\/h4><\/li><li><h4>P\u00e9renniser les changements de pratiques initi\u00e9s durant l\u2019accompagnement\u202f; (Re) mobiliser et (Re) connaitre des pratiques existantes et nouvelles<\/h4><\/li><\/ul><h3><span style=\"text-decoration: underline;\"><b>Public cible<\/b><\/span><span style=\"text-decoration: underline;\"> :<\/span>\u00a0<\/h3><h4>Directions en accompagnement PDP en 2024-2025<\/h4><h3><span style=\"text-decoration: underline;\"><b>Dates<\/b> : <\/span><\/h3><ul><li><h4>13\/05\/25 de 9h \u00e0 16h, <span style=\"font-family: Arial, sans-serif; font-size: 16px; font-style: normal; font-variant-ligatures: none; font-variant-caps: normal; font-weight: bold; text-align: var(--text-align);\">dans les locaux dioc\u00e9sains de l&rsquo;institut Saint-Michel de Neufch\u00e2teau<\/span><\/h4><\/li><\/ul><h3>OU<\/h3><ul><li><h4>23\/05\/24 de 9h \u00e0 16h, \u00e0 la maison dioc\u00e9saine de Namur<\/h4><\/li><\/ul>\t\t\t\t\t\t\t\t<\/div>\n\t\t\t\t<\/div>\n\t\t\t\t<\/div>\n\t\t\t\t<\/div>\n\t\t","protected":false},"excerpt":{"rendered":"<p>Inscriptions ICI Objectifs g\u00e9n\u00e9riques\u202f \u00c9changer sur ma pratique de directeur en lien avec l\u2019accompagnement\u202f P\u00e9renniser les changements de pratiques initi\u00e9s durant l\u2019accompagnement\u202f; (Re) mobiliser et (Re) connaitre des pratiques existantes et nouvelles Public cible :\u00a0 Directions en accompagnement PDP en &hellip;<\/p>\n<p class=\"read-more\"> <a class=\"more-link\" href=\"https:\/\/csanamlux.be\/index.php\/journee-leadership-transfert\/\"> <span class=\"screen-reader-text\">Journ\u00e9e\u202f: \u00ab\u00a0Leadership &#038; transfert\u00a0\u00bb<\/span> Read More &raquo;<\/a><\/p>\n","protected":false},"author":1,"featured_media":0,"parent":0,"menu_order":0,"comment_status":"closed","ping_status":"closed","template":"elementor_header_footer","meta":{"footnotes":""},"class_list":["post-914","page","type-page","status-publish","hentry"],"featured_image_src":"","featured_image_src_square":false,"rbea_author_info":{"display_name":"admin3534","author_link":"https:\/\/csanamlux.be\/index.php\/author\/admin3534\/"},"rbea_excerpt_info":"Inscriptions ICI Objectifs g\u00e9n\u00e9riques\u202f \u00c9changer sur ma pratique de directeur en lien avec l\u2019accompagnement\u202f P\u00e9renniser les changements de pratiques initi\u00e9s durant l\u2019accompagnement\u202f; (Re) mobiliser et (Re) connaitre des pratiques existantes et nouvelles Public cible :\u00a0 Directions en accompagnement PDP en &hellip;<p class=\"read-more\"> <a class=\"more-link\" href=\"https:\/\/csanamlux.be\/index.php\/journee-leadership-transfert\/\"> <span class=\"screen-reader-text\">Journ\u00e9e\u202f: \u00ab\u00a0Leadership &#038; transfert\u00a0\u00bb<\/span> Read More &raquo;<\/a><\/p>","_links":{"self":[{"href":"https:\/\/csanamlux.be\/index.php\/wp-json\/wp\/v2\/pages\/914","targetHints":{"allow":["GET"]}}],"collection":[{"href":"https:\/\/csanamlux.be\/index.php\/wp-json\/wp\/v2\/pages"}],"about":[{"href":"https:\/\/csanamlux.be\/index.php\/wp-json\/wp\/v2\/types\/page"}],"author":[{"embeddable":true,"href":"https:\/\/csanamlux.be\/index.php\/wp-json\/wp\/v2\/users\/1"}],"replies":[{"embeddable":true,"href":"https:\/\/csanamlux.be\/index.php\/wp-json\/wp\/v2\/comments?post=914"}],"version-history":[{"count":10,"href":"https:\/\/csanamlux.be\/index.php\/wp-json\/wp\/v2\/pages\/914\/revisions"}],"predecessor-version":[{"id":1306,"href":"https:\/\/csanamlux.be\/index.php\/wp-json\/wp\/v2\/pages\/914\/revisions\/1306"}],"wp:attachment":[{"href":"https:\/\/csanamlux.be\/index.php\/wp-json\/wp\/v2\/media?parent=914"}],"curies":[{"name":"wp","href":"https:\/\/api.w.org\/{rel}","templated":true}]}}