{"id":904,"date":"2024-09-16T11:43:31","date_gmt":"2024-09-16T09:43:31","guid":{"rendered":"https:\/\/csanamlux.be\/?page_id=904"},"modified":"2024-09-23T11:35:58","modified_gmt":"2024-09-23T09:35:58","slug":"journee-outils-pour-mobiliser-dans-le-programme","status":"publish","type":"page","link":"https:\/\/csanamlux.be\/index.php\/journee-outils-pour-mobiliser-dans-le-programme\/","title":{"rendered":"Journ\u00e9e\u202f: Outils pour mobiliser dans le programme"},"content":{"rendered":"\t\t<div data-elementor-type=\"wp-page\" data-elementor-id=\"904\" class=\"elementor elementor-904\">\n\t\t\t\t<div class=\"elementor-element elementor-element-d25217b e-flex e-con-boxed e-con e-parent\" data-id=\"d25217b\" data-element_type=\"container\">\n\t\t\t\t\t<div class=\"e-con-inner\">\n\t\t\t\t<div class=\"elementor-element elementor-element-d5a1947 elementor-align-center elementor-widget elementor-widget-button\" data-id=\"d5a1947\" data-element_type=\"widget\" data-widget_type=\"button.default\">\n\t\t\t\t<div class=\"elementor-widget-container\">\n\t\t\t\t\t\t\t\t\t<div class=\"elementor-button-wrapper\">\n\t\t\t\t\t<a class=\"elementor-button elementor-button-link elementor-size-sm\" href=\"https:\/\/forms.office.com\/Pages\/ResponsePage.aspx?id=aKMx8CQ0iUWkqbSyzIWbvxKE7-y5h71FnnW6qqxYcl5UNFI3RENTRE5VQlc0QkpONk4wMTkxVUZKOS4u\" target=\"_blank\" rel=\"nofollow\">\n\t\t\t\t\t\t<span class=\"elementor-button-content-wrapper\">\n\t\t\t\t\t\t\t\t\t<span class=\"elementor-button-text\">Inscriptions ICI<\/span>\n\t\t\t\t\t<\/span>\n\t\t\t\t\t<\/a>\n\t\t\t\t<\/div>\n\t\t\t\t\t\t\t\t<\/div>\n\t\t\t\t<\/div>\n\t\t\t\t\t<\/div>\n\t\t\t\t<\/div>\n\t\t<div class=\"elementor-element elementor-element-8328145 e-con-full e-flex e-con e-parent\" data-id=\"8328145\" data-element_type=\"container\">\n\t\t\t\t<div class=\"elementor-element elementor-element-172a359 elementor-widget elementor-widget-text-editor\" data-id=\"172a359\" data-element_type=\"widget\" data-widget_type=\"text-editor.default\">\n\t\t\t\t<div class=\"elementor-widget-container\">\n\t\t\t\t\t\t\t\t\t<h3><strong><span style=\"text-decoration: underline;\">Objectifs g\u00e9n\u00e9riques<\/span>\u202f<\/strong><\/h3><ul><li><h4>Partager des pratiques efficaces autour de l&rsquo;impl\u00e9mentation des programmes en \u00e9cole<\/h4><\/li><li><h4>D\u00e9couvrir et utiliser un outil au service de l&rsquo;impl\u00e9mentation des programmes<\/h4><\/li><\/ul><h3><span style=\"text-decoration: underline;\"><b>Public cible<\/b><\/span><span style=\"text-decoration: underline;\"> :<\/span>\u00a0<\/h3><h4>Directions\u00a0<\/h4><h3><span style=\"text-decoration: underline;\"><b>Dates<\/b> : <\/span><\/h3><ul><li><h4>24\/04\/24 de 9h \u00e0 16h, \u00e0 la maison dioc\u00e9saine de Namur<\/h4><\/li><\/ul><h3>OU<\/h3><ul><li><h4>27\/05\/24 de 9h \u00e0 16h, dans les locaux dioc\u00e9sains de l&rsquo;institut Saint-Michel \u00e0 Neufch\u00e2teau<\/h4><\/li><\/ul>\t\t\t\t\t\t\t\t<\/div>\n\t\t\t\t<\/div>\n\t\t\t\t<\/div>\n\t\t\t\t<\/div>\n\t\t","protected":false},"excerpt":{"rendered":"<p>Inscriptions ICI Objectifs g\u00e9n\u00e9riques\u202f Partager des pratiques efficaces autour de l&rsquo;impl\u00e9mentation des programmes en \u00e9cole D\u00e9couvrir et utiliser un outil au service de l&rsquo;impl\u00e9mentation des programmes Public cible :\u00a0 Directions\u00a0 Dates : 24\/04\/24 de 9h \u00e0 16h, \u00e0 la maison &hellip;<\/p>\n<p class=\"read-more\"> <a class=\"more-link\" href=\"https:\/\/csanamlux.be\/index.php\/journee-outils-pour-mobiliser-dans-le-programme\/\"> <span class=\"screen-reader-text\">Journ\u00e9e\u202f: Outils pour mobiliser dans le programme<\/span> Read More &raquo;<\/a><\/p>\n","protected":false},"author":1,"featured_media":0,"parent":0,"menu_order":0,"comment_status":"closed","ping_status":"closed","template":"elementor_header_footer","meta":{"footnotes":""},"class_list":["post-904","page","type-page","status-publish","hentry"],"featured_image_src":"","featured_image_src_square":false,"rbea_author_info":{"display_name":"admin3534","author_link":"https:\/\/csanamlux.be\/index.php\/author\/admin3534\/"},"rbea_excerpt_info":"Inscriptions ICI Objectifs g\u00e9n\u00e9riques\u202f Partager des pratiques efficaces autour de l&rsquo;impl\u00e9mentation des programmes en \u00e9cole D\u00e9couvrir et utiliser un outil au service de l&rsquo;impl\u00e9mentation des programmes Public cible :\u00a0 Directions\u00a0 Dates : 24\/04\/24 de 9h \u00e0 16h, \u00e0 la maison &hellip;<p class=\"read-more\"> <a class=\"more-link\" href=\"https:\/\/csanamlux.be\/index.php\/journee-outils-pour-mobiliser-dans-le-programme\/\"> <span class=\"screen-reader-text\">Journ\u00e9e\u202f: Outils pour mobiliser dans le programme<\/span> Read More &raquo;<\/a><\/p>","_links":{"self":[{"href":"https:\/\/csanamlux.be\/index.php\/wp-json\/wp\/v2\/pages\/904","targetHints":{"allow":["GET"]}}],"collection":[{"href":"https:\/\/csanamlux.be\/index.php\/wp-json\/wp\/v2\/pages"}],"about":[{"href":"https:\/\/csanamlux.be\/index.php\/wp-json\/wp\/v2\/types\/page"}],"author":[{"embeddable":true,"href":"https:\/\/csanamlux.be\/index.php\/wp-json\/wp\/v2\/users\/1"}],"replies":[{"embeddable":true,"href":"https:\/\/csanamlux.be\/index.php\/wp-json\/wp\/v2\/comments?post=904"}],"version-history":[{"count":13,"href":"https:\/\/csanamlux.be\/index.php\/wp-json\/wp\/v2\/pages\/904\/revisions"}],"predecessor-version":[{"id":1297,"href":"https:\/\/csanamlux.be\/index.php\/wp-json\/wp\/v2\/pages\/904\/revisions\/1297"}],"wp:attachment":[{"href":"https:\/\/csanamlux.be\/index.php\/wp-json\/wp\/v2\/media?parent=904"}],"curies":[{"name":"wp","href":"https:\/\/api.w.org\/{rel}","templated":true}]}}